{"id":42,"date":"2022-02-01T06:07:05","date_gmt":"2022-02-01T06:07:05","guid":{"rendered":"https:\/\/strauchcomposer.de\/?page_id=42"},"modified":"2023-02-05T11:22:33","modified_gmt":"2023-02-05T11:22:33","slug":"history","status":"publish","type":"page","link":"https:\/\/strauchcomposer.de\/index.php\/history\/","title":{"rendered":"HISTORY"},"content":{"rendered":"\n<p><strong>2022<\/strong><\/p>\n\n\n\n<p>18.1.22, 2. Streichquartett Linie und Block, B2, Concerto Bavarese<\/p>\n\n\n\n<p>7.2.22 Dresden, Frauenkirche f\u00fcr Klavier mit\u00a0<a href=\"https:\/\/www.facebook.com\/andreas.skouras.1?__tn__=-]K*F\">Andreas Skouras<\/a>\u00a0im Rubinstein-Saal M\u00fcnchen, Studio f\u00fcr Neue Musik, Tonk\u00fcnstler M\u00fcnchen, 20 Uhr\u00a0<\/p>\n\n\n\n<p>11.3.22, Kampf von Asmund und Hildebrand, ensemble risonanze erranti, Ensemble Schwerpunkt, Martin Mallaun (Ba\u00dfzither), Roman Payer (Ten.), Timothy Sharp (Bar.), Peter Tilling (Dir.), B2, Concerto Bavarese<\/p>\n\n\n\n<p>15.3.22, 2. Streichquartett Linie und Block, Quartetto Maurice, B2, Concerto Bavarese<\/p>\n\n\n\n<p>5.4.22, So what &#8211; Putin &amp; Tschaikowsky, Andreas Skouras (Klavier), Johannes Gutfleisch (Cello), B2, Concerto Bavarese<\/p>\n\n\n\n<p>1.5.22 &#8222;Woher?&#8220; (UA) f\u00fcr vierstimmig gemischten Chor, via nova Chor M\u00fcnchen, Kerstin Behnke (Dir.)Auferstehungskirche, Gollierstr., 19 Uhr<\/p>\n\n\n\n<p>20.5.22, MenschenSchneiden, Leopold Hurt (Zither), Martin Jaggi (Cello), B2, Concerto Bavarese<\/p>\n\n\n\n<p>20.5.22, Zwei Aggregate, Oliver Klenk (Klarinette), Galerie Belleparais, mgnm<\/p>\n\n\n\n<p>28.5.22 ISAR f\u00fcr Sheng solo, Wu Wei, Weimarer Fr\u00fchjahrstage f\u00fcr Neue Musik<\/p>\n\n\n\n<p>30.6.22 Der Augenblick ist mein (UA) mit\u00a0<a href=\"https:\/\/www.facebook.com\/neueskollektivmuenchen\/?__tn__=kK*F\">NKM \u2013 Neues Kollektiv M\u00fcnchen<\/a>, Schwere Reiter M\u00fcnchen<\/p>\n\n\n\n<p>4.7.22 Regenbogenkonzert mit Rainbow Sound Orchestra &amp; M\u00fcnchner Philharmonikern, UAen Four Queer Mini Dances &amp; Instrumentation von Auswahl aus 10 Leichte St\u00fccke von Bela Bartok, Altes Rathaus M\u00fcnchen, in Kooperation mit den M\u00fcnchner Philharmonikern\u00a0<\/p>\n\n\n\n<p>23.7.22 Der Hecht mit Peter Sch\u00f6ne (Gesang) und Lauriane Follonier (Klavier), 19 Uhr, Konzertfreunde Straubing, Anstatt-Theater Straubing<\/p>\n\n\n\n<p>23.8.22, Linie und Block, 2. Streichquartett, Sendung BR2, Concerto Bavarese<\/p>\n\n\n\n<p>27.8.22, Plangebiet\/Infrastruktur, MIET+, St. Annen Kirche Zepernick, XXX. Randfestspiele<\/p>\n\n\n\n<p>23.9.22 UA von NACHSTIMMUNG f\u00fcr Chor, Violone (oder Kb.) und Orgel(portativ) Postludium zu meinem als Kind komponierten Chorsatz &#8222;Brich an Du sch\u00f6nes Morgenlicht&#8220;, Collegium Bratananium, Johannes X. Schachtner, Christuskirche Gauting<\/p>\n\n\n\n<p>24.09.22 Schraffur\/Gel\u00e4nde &amp; Der Augenblick ist mein, ersteres mit Oliver Klenk (Kbkl.), Kai Wangler (Akk.) und KP Werani (Va.) sowie zweiteres mit NKM &#8211; Neues Kollektiv M\u00fcnchen, mgnm-Musikfest, schwere reiter m\u00fcnchen<\/p>\n\n\n\n<p>22.10.22 Adagio mit\u00a0<a href=\"https:\/\/www.facebook.com\/rainbowsoundorchestramunich\/?__tn__=kK*F\">Rainbow Sound Orchestra Munich<\/a>, Himmelfahrtskirche M\u00fcnchen-Sendling<\/p>\n\n\n\n<p>18.10.22 An die Freunde f\u00fcr zwei Soprane (UA), Cello und Klavier mit\u00a0<a href=\"https:\/\/www.facebook.com\/neueskollektivmuenchen\/?__tn__=kK*F\">NKM \u2013 Neues Kollektiv M\u00fcnchen<\/a>, schwere reiter m\u00fcnchen\u00a0<\/p>\n\n\n\n<p>22.11.22, H-I-A-S, 1. Streichquartett, Sendung BR2, Concerto Bavarese<\/p>\n\n\n\n<p>25.11.22, dots and lines f\u00fcr zwei Ensembles mit MIET+ und NKM-Neues Kollektiv M\u00fcnchen, Kunsthalle Erfurt<\/p>\n\n\n\n<p>1.12.22, Kampf von Asmund und Hildebrand, ensemble risonanze erranti, Ensemble Schwerpunkt, Martin Mallaun (Ba\u00dfzither), Roman Payer (Ten.), Timothy Sharp (Bar.), Peter Tilling (Dir.), B2, Concerto Bavarese<\/p>\n\n\n\n<p>12.12.22, Zwei Aggregate, Oliver Klenk (Klarinette), schwere reiter m\u00fcnchen, dedicated to der Tonk\u00fcnstler M\u00fcnchen<\/p>\n\n\n\n<p><\/p>\n\n\n\n<p><strong>2021<\/strong><\/p>\n\n\n\n<p>02.02.21,&nbsp;<em><strong>So what<\/strong><\/em>, Sendung Concerto Bavarese, B2<\/p>\n\n\n\n<p>18.03.21,&nbsp;<em><strong>Bardagi \u00c1smundar og Hildibrands<\/strong><\/em>, Sendung Concerto Bavarese, B2<\/p>\n\n\n\n<p>13.04.21,&nbsp;<em><strong>Bardagi \u00c1smundar og Hildibrands<\/strong><\/em>, Sendung Concerto Bavarese, B2<\/p>\n\n\n\n<p>18.05.21,&nbsp;<em><strong>2. Streichquartett Linie und Block<\/strong><\/em>, Sendung Concerto Bavarese, B2<\/p>\n\n\n\n<p>20.05.21, 19 Uhr (Produktion, Sendung ab 28.05.21),&nbsp;<em><strong>Drei Anordnungen<\/strong><\/em>, LJNM Thueringen, Weimarer Fruejahrstage fuer Neue Musik<\/p>\n\n\n\n<p>03.06.21, 20 Uhr,&nbsp;<em><strong>Deutschland 2000-2020, Klavierzyklus, Dresden, Frauenkirche, 22. Juni 2004 &#8211; Der Tag des neuen Turmkreuzes (UA<\/strong><\/em>), Andreas Skouras, Einstein-Kultur, 16. aDevantgarde-Festival<\/p>\n\n\n\n<p>06.\/07.06.21, 20 Uhr,&nbsp;<em><strong>The Diary of Samuel Pepys in 1666 Neufasung (UA)<\/strong><\/em>, Verena Maria Schmid (Sopran), Ansgar Theis (Bariton), Adrian Pereyra (E-Git.), Gasteig Muenchen Black Box, 16. aDevantgarde-Festival<\/p>\n\n\n\n<p>08.06.21, 20 Uhr,&nbsp;<em><strong>limite, stanze e passaggi<\/strong><\/em>&nbsp;fuer Viola solo und Live-Elektronik (UA), KP Werani, Schwere Reiter Musik Muenchen, 16. aDevantgarde-Festival<\/p>\n\n\n\n<p>02.02.21,&nbsp;<em><strong>Streichquartett Nr. 2 Linie und Block<\/strong><\/em>, Sendung Concerto Bavarese, B2<\/p>\n\n\n\n<p>29.07.21, 20 Uhr,&nbsp;<em><strong>UP!<\/strong><\/em>&nbsp;fuer Schlagzeug, Konstantyn Napolov, NKM \u2013 Neues Kollektiv Muenchen, Einstein-Kultur<\/p>\n\n\n\n<p>17.08.21,&nbsp;<em><strong>So what<\/strong><\/em>, Sendung Concerto Bavarese, B2<\/p>\n\n\n\n<p>11.09.21, 16 &amp; 18 Uhr,&nbsp;<em><strong>Epitaph<\/strong><\/em>&nbsp;fuer Orchester (UA), Rainbow Sound Orchestra Munich, Himmelfahrtskirche Sendling<\/p>\n\n\n\n<p>11.09.21, 16 &amp; 18 Uhr,&nbsp;<em><strong>Trois Morceaux von Lili Boulanger, Instrumentierung von Alexander Strauch<\/strong><\/em>, Rainbow Sound Orchestra Munich, Himmelfahrtskirche Sendling<\/p>\n\n\n\n<p>17.\/18.09.21,&nbsp;<em><strong>Epitaph<\/strong><\/em>&nbsp;fuer Orchester, Rainbow Sound Orchestra Munich, Geoeffnet \u2013 We are open, Schwere Reiter Muenchen&nbsp;<\/p>\n\n\n\n<p>18.09.21,&nbsp;<em><strong>The Blind<\/strong><\/em>, Elektronische Musik&nbsp;(UA), Geoeffnet \u2013 We are open, Schwere Reiter Muenchen&nbsp;<\/p>\n\n\n\n<p>23.09.21, 20 Uhr,&nbsp;<em><strong>Plangebiet\/Infrastruktur<\/strong><\/em>&nbsp;fuer Ensemble, MIET+, NKM \u2013 Neues Kollektiv Muenchen, Einstein-Kultur<\/p>\n\n\n\n<p>25.09.21, 16 Uhr,&nbsp;<em><strong>Der Hecht<\/strong><\/em>, Lied mit Ansgar Theis (Bariton) und Lauriane Follonier, 75 Jahre Tonkuenstler Muenchen, Rubinstein-Saal, Muenchen-Laim<\/p>\n\n\n\n<p>03.10.21, 19 Uhr,&nbsp;<em><strong>limite, stanze e passaggi<\/strong><\/em>&nbsp;fuer Viola solo und Live-Elektronik (UA), KP Werani, Schwere Reiter Musik Muenchen, MGNM-Musikfest<\/p>\n\n\n\n<p>19.12.21,&nbsp;<em><strong>Woher&nbsp;<\/strong><\/em>(UA) fuer gemischten Chor, via nova chor muenchen, Bayerischer Kompositionspreis, abgesagt und verschoben<\/p>\n\n\n\n<p><strong>2020<\/strong><\/p>\n\n\n\n<p>19.01.20, 17 Uhr,&nbsp;<strong>Ciacona d&#8217;Euridice<\/strong>&nbsp;fuer Orgel solo mit Angela Metzger, Zionskirche, Bielefeld<\/p>\n\n\n\n<p>02.02.20&nbsp;<strong>Kompendium I<\/strong>&nbsp;fuer Ensemble im Rahmen von Transplantations in a different environment von NKM &#8211; Neues Kollektiv Muenchen, Gast KP Werani (Viola), Anna Maria Bogner (Gesang), Schwere Reiter Muenchen<\/p>\n\n\n\n<p>24.03.20&nbsp;<strong>Sendung von Bardagi Asmundar i Hildibrandis<\/strong>, B2, Concerto Bavarese mit Ensemble Schwerpunkt, Ensemble risonanze erranti, Martin Mallaun (Basszither),Roman Payer (Tenor), Timothy Sharp (Bariton), musikal. Ltg. Peter Tilling<\/p>\n\n\n\n<p>19.05.20,&nbsp;<strong>Sendung von Streichquartett Nr. 1 H-I-A-S<\/strong>, B2, Concerto Bavarese, Xsemble Streichquartett<\/p>\n\n\n\n<p>08.06.20&nbsp;<strong>Sendung von Streichquartett Nr. 2 Linie und Block<\/strong>, B2, Concerto Bavarese, Quartetto Maurice<\/p>\n\n\n\n<p>21.06.20&nbsp;<strong>Bild und Abbild<\/strong>, Duo Clakk des via nova Ensembles mit Neza Torkar (Akk.), Daniel Gutierrez (Vc.), Saalfeld-Galerie, Saalfeld<\/p>\n\n\n\n<p>21.06.20&nbsp;<strong>Logo Animated Gif<\/strong>, Robert Florian Daniel (Klavier), Mohr-Villa, Muenchen<\/p>\n\n\n\n<p>28.07.20&nbsp;<strong>Sendung von Streichquartett Nr. 2 Linie und Block<\/strong>, B2, Concerto Bavarese, Quartetto Maurice<\/p>\n\n\n\n<p>13.08.20,&nbsp;<strong>Plangebiet &#8211; Infrastruktur<\/strong>, Ensemble MIET+, Magdalena Grigarova (Git.), Carla Frank (A.-Sax.), Maria Loeschner (Akk.) und Henry Mex (Kb.), Sondershausen<\/p>\n\n\n\n<p>01.09.20&nbsp;<strong>Sendung von KOMMA-Sequenz fuer Ensemble<\/strong>, B2, Concerto Bavarese, MGNM-Jubilaeumsensemble, musikal. Ltg. Peter Hirsch<\/p>\n\n\n\n<p>04.09.2020,&nbsp;<strong>Plangebiet &#8211; Infrastruktur<\/strong>, Ensemble MIET+, Magdalena Grigarova (Git.), Carla Frank (A.-Sax.), Maria Loeschner (Akk.) und Henry Mex (Kb.), Kunsthalle Erfurt<\/p>\n\n\n\n<p>20.09.20&nbsp;<strong>Kompendium I<\/strong>&nbsp;fuer Ensemble, NKM &#8211; Neues Kollektiv Muenchen, Gast KP Werani (Viola), Anna Maria Bogner (Gesang), MGNM Musikfest, Schwere Reiter Muenchen<\/p>\n\n\n\n<p>11.10.20, 20 Uhr,&nbsp;<strong>Wiener messen, messen und messen (UA)<\/strong>&nbsp;fuer Sinustonsarabande, Zither und Streichtrio, Martin Mallaun (Zither), NKM &#8211; Neues Kollektiv Muenchen mit Mugi Takai (Vl.), KP Werani (Va.), Caio de Azevedo (Vc), Schwere Reiter, Muenchen<\/p>\n\n\n\n<p>18.10.20 je 16:30 und 18:00 Uhr,&nbsp;<strong>Tombeau pour de Falla a la maniere de<\/strong>&nbsp;Cage (UA), Rainbow Sound Orchestra Munich, musikal. Ltg. Alexander Strauch, Himmelfahrtskirche Muenchen-Sendling, Muenchen<\/p>\n\n\n\n<p>19.10.20, 20 Uhr,&nbsp;<strong>Streichquartett Nr. 1 H-I-A-S<\/strong>, Zentaur-Quartett mit Katharina Schmauder (Vl. 1), Annette Fritz (Vl. 2), Marc Kaufmann (Va.), Caio de Azevedo (Vc.), Tonkuenstler Muenchen, Studio fuer Neue Musik, Rubinstein-Saal, Landsbergerstr. 336, Muenchen-Laim<\/p>\n\n\n\n<p>20.10.20&nbsp;<strong>Sendung von Streichquartett Nr. 2 Linie und Block<\/strong>, B2, Concerto Bavarese, Quartetto Maurice<\/p>\n\n\n\n<p>22.11.20, je 17 und 19 Uhr,&nbsp;<strong>Gemeinschaftskomposition von Alexander Strauch\/Johannes X. Schachtner u.v.m. (UA)<\/strong>, JUMBLE &#8211; Jugendensemble fuer Neue Musik Bayern, musikal. Ltg. Johannes X. Schachtner, Rubinstein-Saal, Landsbergerstr. 336, Muenchen-Laim<\/p>\n\n\n\n<p><strong>2019<\/strong><\/p>\n\n\n\n<p>04.01.19, 0:12 Uhr,&nbsp;<strong>Sendung von So what \u2013 Putin &amp; Tschaikowsky<\/strong>, Concerto Bavarese, Bayern2<\/p>\n\n\n\n<p>12.12.19&nbsp;<strong>Sendung von Bardagi\/Kampf von Asmund und Hildibrandis<\/strong>&nbsp;fuer Tenor, Bariton und Ensemble mit Roman Payer (Tenor), Timothy Sharp (Bariton), Ensemble Schwerpunkt, ensemble risonanze erranti mit Martin Mallaun (Basszither) unter der Leitung von Peter Tilling, Concerto Bavarese, BR2<\/p>\n\n\n\n<p>22.11.19,&nbsp;<strong>Plangebiet &#8211; Infrastruktur fuer Altsaxofon, Akkordeon, Kontrabass und Gitarre<\/strong>&nbsp;mit dem Ensemble MIET+, Musikschule Ilmenau<\/p>\n\n\n\n<p>06.10.19, 15 Uhr,&nbsp;<strong>Prolog und zwei Stuecke&nbsp;<\/strong>fuer sinfonisches Blasorchester, Festival UnerHOERTes 2019, Musikakademie Hammelburg, Polizeiorchester Bayern<\/p>\n\n\n\n<p>17.09.19, 00:12 Uhr,&nbsp;<strong>Sendung von Streichquartett Nr. 2 Linie Block&nbsp;<\/strong>mit dem Quartetto Maurice, Concerto Bavarese, BR 2<\/p>\n\n\n\n<p>20.08.19, 00:12 Uhr,&nbsp;<strong>Sendung von Streichquartett Nr. 2 Linie Block&nbsp;<\/strong>mit dem Quartetto Maurice, Concerto Bavarese, BR 2<\/p>\n\n\n\n<p>23.07.19, 00:12 Uhr,&nbsp;<strong>Sendung von KOMMA-Sequenz&nbsp;<\/strong>fuer Ensemble, Peter Hirsch dirigiert das MGNM 20 Jahre Ensemble, Concerto Bavarese, Bayern2<\/p>\n\n\n\n<p>23.07.19, 22:05 Uhr,&nbsp;<strong>Sendung von Streichquartett Nr. 2 Linie Block&nbsp;<\/strong>mit dem Quartetto Maurice, Horizonte, BR-Klassik<\/p>\n\n\n\n<p>21.07.19, 20 Uhr,&nbsp;<strong>Gefunden und Verloren&nbsp;<\/strong>fuer Ensemble, NKM &#8211; Neues Kollektiv Muenchen, Schwere Reiter Musik<\/p>\n\n\n\n<p>07.07.19, 19 Uhr,&nbsp;<strong>Introduktion und Polonaise aus dem 3. Akt der Oper Boris Godunow von M. Mussorgsky&nbsp;<\/strong>fuer Orchester, neu zusammengestellt und nach der Originalinstrumentation fuer reduziertes Orchester bearbeitet, Rainbow Sound Orchestra Munich, 3. Regenbogenkonzert der Muenchener Philharmoniker, Altes Rathaus Muenchen<\/p>\n\n\n\n<p>24.06.19, 19:30 Uhr,&nbsp;<strong>KOMMA-Sequenz<\/strong>&nbsp;fuer Ensemble, JUMBLE &#8211; Jugendensemble fuer Neue Musik Bayern mit Johannes X. Schachtner, Hochschule fuer Musik Wuerzburg, Kammermusiksaal, Mitschnitt durch Bayerischer Rundfunk<\/p>\n\n\n\n<p>23.06.19, 19 Uhr,&nbsp;<strong>KOMMA-Sequenz<\/strong>&nbsp;fuer Ensemble, JUMBLE &#8211; Jugendensemble fuer Neue Musik Bayern mit Johannes X. Schachtner, Gasteig Muenchen, Black Box, Muenchen<\/p>\n\n\n\n<p>01.06.19, 21 Uhr&nbsp;<strong>Plangebiet &#8211; Infrastruktur fuer Altsaxofon, Akkordeon, Kontrabass und Gitarre<\/strong>&nbsp;mit dem Ensemble MIET+, Intersonanzen 2019, Kunsthaus sans titre, Potsdam<\/p>\n\n\n\n<p>30.05.19 und 01.06.19, 18:30 Uhr,&nbsp;<strong>Aus der Weltbox<\/strong>&nbsp;fuer Maennerchor und Live-Elektronik, aDevantgarde-Festival, Der neue Hoagart&#8217;n, Einstein-Kultur, Muenchen<\/p>\n\n\n\n<p>28.05.19, 19 Uhr, UA,&nbsp;<strong>Streichquartett Nr. 2 Linie Block&nbsp;<\/strong>mit dem Quartetto Maurice im Rahmen des 15. aDevantgardeFestivals, Bayerische Akademie der Schoenen Kuenste, Max-Joseph-Platz, Muenchen, Mitschnitt durch Bayerischer Rundfunk<\/p>\n\n\n\n<p>26.04.19, 19:30 Uhr, UA,&nbsp;<strong>Plangebiet &#8211; Infrastruktur fuer Altsaxofon, Akkordeon, Kontrabass und Gitarre<\/strong>&nbsp;mit dem Ensemble MIET+, Weimarer Fruehjahrstage 2019, mon ami Weimar<\/p>\n\n\n\n<p>16.04.19, 0:12 Uhr,&nbsp;<strong>Sendung von Bardagi Asmundar i Hildibrandis<\/strong>, Concerto Bavarese, Bayern2<\/p>\n\n\n\n<p>12.03.19, 20 Uhr,&nbsp;<strong>Logo &amp; animated gif<\/strong>&nbsp;fuer Klavier solo, Nummer 1-3, mit Andreas Skouras in der Reihe dedicated von Tonkuenstler Muenchen, Schwere Reiter, Muenchen<\/p>\n\n\n\n<p>09.03.19, 21 Uhr,&nbsp;<strong>Duo fuer Viola und Violoncello<\/strong>, Klaus-Peter Werani (Vla) und Hanno Simons (Vc), Musikfest der MGNM, Schwere Reiter<\/p>\n\n\n\n<p>24.02.19, 18 Uhr, UA,&nbsp;<strong>Arie des Hythloday, Finale der UT.op-er<\/strong>&nbsp;Fassung fuer Countertenor und Orchester mit Christopher Robson und dem Rainbow Sound Orchestra Munich, Aula des Anton-Fingerle-Schulzentrums, Muenchen-Giesing<\/p>\n\n\n\n<p>01.02.2019, 20 Uhr,&nbsp;<strong>H-I-A-S Streichquartett Nr. 1<\/strong>&nbsp;mit dem Zentaur-Quartett (Katharina Schmauder, Annette Fritz &#8211; Violinen, Marc Kaufmann &#8211; Viola, Caio de Azevedo \u2013 Violoncello), Schwere Reiter, Muenchen<\/p>\n\n\n\n<p>26.01.19,&nbsp;<strong>O let me weep forever<\/strong>&nbsp;fuer Sopran und E-Gitarre mit Susanne Barta (Sopran) und Adrian Pereyra (E-Gitarre), Muenchen, Notenpunkt<\/p>\n\n\n\n<p><strong>2018<\/strong><\/p>\n\n\n\n<p>17.12.18,&nbsp;<strong>When I met Zender&#8217;s cat&nbsp;<\/strong>fuer Vibrafon &amp; Klavier, Fabian Strauss (Vibrafon) und Julia Schoelzel (Klavier), NKM-Neues Kollektiv Muenchen, Glockenbachwerkstatt, Muenchen<\/p>\n\n\n\n<p>27.10.18, 19:30 Uhr, UA,&nbsp;<strong>tacktack-tickticktick-tocktocktocktock,&nbsp;<\/strong>Concertino fuer Klavier und symphonisches Blasorchester, Moritz Eggert (Klavier), Polizeiorchester Bayern unter der Ltg. von Johannes Moesenbichler, Antennengluehn &#8211; Nacht der Neuen Musik, Carl-Orff-Saal, Gasteig Muenchen&nbsp;<\/p>\n\n\n\n<p>27.10.18,&nbsp;<strong>Ueber die wahre Art oekonomischen Musizierens<\/strong>&nbsp;fuer Diskantzither mit Claudia Hoepfl, Antennengluehn &#8211; Nacht der Neuen Musik, Foyer Kleiner Konzertsaal, Gasteig Muenchen<\/p>\n\n\n\n<p>15.10.18, 20 Uhr, UA,&nbsp;<strong>Ciacona d&#8217;Euridice<\/strong>&nbsp;fuer Orgel solo mit Angela Metzger im Rahmen von aDevantgarde praesentiert zeitgenoessische Orgelmusik, Himmelfahrtskirche, Muenchen-Sendling<\/p>\n\n\n\n<p>14.10.18, 20 Uhr, UA,&nbsp;<strong>When I met Zender&#8217;s cat<\/strong>&nbsp;fuer Vibrafon &amp; Klavier, Fabian Strauss (Vibrafon) und Julia Schoelzel (Klavier), NKM-Neues Kollektiv Muenchen, Import\/Export, Muenchen<\/p>\n\n\n\n<p>06.10.18, 20 Uhr,&nbsp;<strong>O let me weep forever<\/strong>&nbsp;fuer Sopran und E-Gitarre mit Susanne Barta (Sopran) und Adrian Pereyra (E-Gitarre), Gesellschaft der Musikfreunde Donaueschingen, Gewoelbe der Kunst- und Musikschule Donaueschingen<\/p>\n\n\n\n<p>28.09.18&nbsp;<strong>Sendung von MenschenSchneiden&nbsp;<\/strong>fuer Diskantzither, Cello und Zuspielung mit Leopold Hurt (Zither) und Martin Jaggi (Cello), Concerto Bavarese, BR2<\/p>\n\n\n\n<p>21.08.18&nbsp;<strong>Sendung von Bardagi\/Kampf von Asmund und Hildibrandis<\/strong>&nbsp;fuer Tenor, Bariton und Ensemble mit Roman Payer (Tenor), Timothy Sharp (Bariton), Ensemble Schwerpunkt, ensemble risonanze erranti mit Martin Mallaun (Basszither) unter der Leitung von Peter Tilling, Concerto Bavarese, BR2<\/p>\n\n\n\n<p>08.07.18, 19 Uhr, UA,&nbsp;<strong>Fanfaren-Verfahren-Ouvertuere<\/strong>&nbsp;fuer Orchester, Rainbow Sound Orchestra Munich, Leitung Alexander Strauch, 2. Regenbogenkonzert der Muenchner Philharmoniker, Theater Leo 17&nbsp;<\/p>\n\n\n\n<p>26.06.18&nbsp;<strong>Sendung von Bardagi\/Kampf von Asmund und Hildibrandis<\/strong>&nbsp;fuer Tenor, Bariton und Ensemble mit Roman Payer (Tenor), Timothy Sharp (Bariton), Ensemble Schwerpunkt, ensemble risonanze erranti mit Martin Mallaun (Basszither) unter der Leitung von Peter Tilling, Concerto Bavarese, BR2<\/p>\n\n\n\n<p>29.05.18&nbsp;<strong>Sendung von H-i-A-S Streichqartett Nr. 1&nbsp;<\/strong>mit dem Xsemble Streichquartett, Concerto Bavarese, BR2<\/p>\n\n\n\n<p>09.05.18, UA,&nbsp;<strong>Suscipe me flos florem<\/strong>&nbsp;fuer 4stg. Chor, Regenbogenchor Muenchen, Leitung Mary Ellen Kitchens, Various Voices Festival, Philharmonie, Gasteig Muenchen<\/p>\n\n\n\n<p>09.05.18, 20 Uhr, UA,&nbsp;<strong>Fanfaren-Verfahren<\/strong>&nbsp;fuer Orchester, Rainbow Sound Orchestra Munich, Leitung Alexander Strauch, Various Voices Festival, Philharmonie, Gasteig Muenchen&nbsp;<\/p>\n\n\n\n<p>24.04.18&nbsp;<strong>Sendung von Logo &amp; animated gif<\/strong>&nbsp;fuer Klavier solo mit Andreas Skouras, Concerto Bavarese, BR2<\/p>\n\n\n\n<p>04.04.18, 20 Uhr,&nbsp;<strong>Bild und Abbild<\/strong>&nbsp;fuer Violoncello und Akkordeon, Ensemble via nova mit Daniel Gutierrez (Cello) und Neza Tokar (Akkordeon), Weimarer Fruehjahrstage fuer zeitgenoessische Musik&nbsp;<\/p>\n\n\n\n<p>16.03.18, 20 Uhr,&nbsp;<strong>Ich war ein Chint so wohlgetan<\/strong>&nbsp;fuer Sopran und Elektronik, mit Beatrice Ottmann (Sopran) und Stefan Schulzki (Elektronik), Leopold-Mozart-Zentrum Augsburg, Rokoko-Saal der Regierung von Schwaben<\/p>\n\n\n\n<p>05.03.18, 20 Uhr, UA,&nbsp;<strong>Ich war ein Chint so wohlgetan<\/strong>&nbsp;fuer Sopran und Elektronik, mit Beatrice Ottmann (Sopran) und Stefan Schulzki (Elektronik), Tonkuenstler Muenchen, Studio fuer Neue Musik, Grosser Saal, Bayerische Versicherungskammer, Maximilianstrasse, Muenchen<\/p>\n\n\n\n<p>13.02.18,&nbsp;<strong>Sendung von So what ? &#8211; Putin und Tchaikovsky<\/strong>&nbsp;fuer Cello und Klavier mit Johannes Gutfleisch (Cello) und Andreas Skouras (Klavier), Concerto Bavarese, BR2<\/p>\n\n\n\n<p>06.02.18,&nbsp;<strong>Der Huegel&nbsp;<\/strong>fuer Sopran und Klavier, innerhalb einer Performance von Kristina Wuss ueber Wilhelm Hauff<\/p>\n\n\n\n<p><strong>2017<\/strong><\/p>\n\n\n\n<p>22.12.17,&nbsp;<strong>Sendung von Adamic Songs<\/strong>&nbsp;fuer Tenor, Horn und tiefe Streicher, mit Marc Clear (Tenor), Radovan Vlatkovic (Horn), Muenchener Kammerorchester unter der Leitung von Christoph Poppen, Concerto Bavarese, BR2<\/p>\n\n\n\n<p>28.11.17,&nbsp;<strong>Sendung von Logo &amp; Animated Gif<\/strong>&nbsp;fuer Klavier solo, Andreas Skouras (Klavier), Concerto Bavarese, BR2<\/p>\n\n\n\n<p>23.11.17,&nbsp;<strong>Sendung von Bardagi Asmundar i Hildebrandis<\/strong>&nbsp;fuer Tenor, Bariton und Ensemble, mit Roman Payer (Tenor), Timothy Sharp (Bariton), Ensemble risonanze erranti, Ensemble Schwerpunkt, Leitung Peter Tilling, Concerto Bavarese, BR2<\/p>\n\n\n\n<p>19.11.17&nbsp;<strong>O let me weep<\/strong>&nbsp;fuer Sopran und Gitarre mit Susanne Barta und Adrian Pereyra,&nbsp;<a href=\"http:\/\/www.skulpturenmuseum-im-hofberg.de\/\" target=\"_blank\" rel=\"noreferrer noopener\">Skulpturenmuseum, Landshut<\/a><\/p>\n\n\n\n<p>10.11.17,&nbsp;<strong>Sendung von Logo &amp; Animated Gif<\/strong>&nbsp;fuer Klavier solo, Andreas Skouras (Klavier), Concerto Bavarese, BR2<\/p>\n\n\n\n<p>15.10.17, 19 Uhr,&nbsp;<strong>Utopia mein Land<\/strong>&nbsp;fuer 4stg. Chor und 4 Violoncelli, mit Collegium Bratananium unter der Leitung von Johannes X. Schachtner, Aula der Realschule Gauting<\/p>\n\n\n\n<p>14.10.17, 20:30 Uhr, UA,&nbsp;<strong>Utopia mein Land<\/strong>&nbsp;fuer 4stg. Chor und 4 Violoncelli, mit Collegium Bratananium unter der Leitung von Johannes X. Schachtner, White Box, Muenchen<\/p>\n\n\n\n<p>13.10.17, 20 Uhr, UA,&nbsp;<strong>Bild und Abbild<\/strong>&nbsp;fuer Violoncello und Akkordeon, Ensemble via nova, Musikakademie Sondershausen<\/p>\n\n\n\n<p>26.09.17,&nbsp;<strong>Sendung von Streichquartett Nr. 1 H-I-A-S,&nbsp;<\/strong>Xsemble Streichquartett, Concerto Bavarese, BR2<\/p>\n\n\n\n<p>22.09.17&nbsp;<strong>O let me weep<\/strong>&nbsp;fuer Sopran und Gitarre mit Susanne Barta und Adrian Pereyra,&nbsp;<a href=\"http:\/\/www.kapernaum-bethanien.de\/\" target=\"_blank\" rel=\"noreferrer noopener\">Evang.-Luth. Kirchengemeinde, Kapernaumkirche in M\u00fcnchen-Fasanerie<\/a><\/p>\n\n\n\n<p>14.09.17, 19 Uhr,&nbsp;<strong>O let me weep<\/strong>&nbsp;fuer Sopran und Gitarre mit Susanne Barta und Adrian Pereyra,&nbsp;<a href=\"http:\/\/www.glockenbachwerkstatt.de\/veranstaltungen\/14\/9\/2017\" target=\"_blank\" rel=\"noreferrer noopener\">Glockenbachwerkstatt Muenchen&nbsp;<\/a><\/p>\n\n\n\n<p>11.09.17,&nbsp;<strong>Sendung von Streichquartett Nr. 1 H-I-A-S,&nbsp;<\/strong>Xsemble Streichquartett, Concerto Bavarese, BR2<\/p>\n\n\n\n<p>07.09.17,&nbsp;<strong>Sendung von So what ? &#8211; Putin und Tchaikovsky<\/strong>&nbsp;fuer Cello und Klavier mit Johannes Gutfleisch (Cello) und Andreas Skouras (Klavier), Concerto Bavarese, BR2<\/p>\n\n\n\n<p>11.07.17,&nbsp;<strong>Sendung von So what ? &#8211; Putin und Tchaikovsky<\/strong>&nbsp;fuer Cello und Klavier mit Johannes Gutfleisch (Cello) und Andreas Skouras (Klavier), Concerto Bavarese, BR2<\/p>\n\n\n\n<p>09.07.17, 17 Uhr,&nbsp;<strong>Chant pour Lassana B.<\/strong>&nbsp;fuer Horn, Violoncello und Sampler-Keyboard mit Elena Kakaliagou (Horn), Isabelle Klemt (Cello) und Antonis Anissegos (Sampler-Keyboard), Andre Bartezki (Klangregie), Randspiele Zepernick, St. Annen-Kirche Zepernick<\/p>\n\n\n\n<p>08.07.17, 14 Uhr, UA,&nbsp;<strong>eingeschlossen<\/strong>&nbsp;fuer Oboe solo mit Cornelius Finke, Randspiele Zepernick, soundtour Schoeneberger Rhapsodien, Dorfkirche Alt-Schoenberg, Berlin&nbsp;<\/p>\n\n\n\n<p>01.07.17 UA,&nbsp;<strong>3+4 Summenstueck IIIb<\/strong>,&nbsp;<a href=\"http:\/\/neues-kollektiv.de\/\" target=\"_blank\" rel=\"noreferrer noopener\">Neues Kollektiv Muenchen<\/a>, Black Box, Gasteig, Muenchen<\/p>\n\n\n\n<p>20.06.17,&nbsp;<strong>Sendung von Streichquartett Nr. 1 H-I-A-S,<\/strong>&nbsp;Xsemble Straichquartett, Concerto Bavarese, BR2<\/p>\n\n\n\n<p>13.06.17,&nbsp;<strong>Sendung von So what ? &#8211; Putin und Tchaikovsky<\/strong>&nbsp;fuer Cello und Klavier mit Johannes Gutfleisch (Cello) und Andreas Skouras (Klavier), Concerto Bavarese, BR2<\/p>\n\n\n\n<p>25.\/26.\/27.5.17, je 19 Uhr, UA,&nbsp;<strong>Dichtermut \u2013 Quodlibet nach F. Hoelderlin<\/strong>&nbsp;fuer 6 Choere und Stoerchor,&nbsp;<a href=\"http:\/\/www.adevantgarde.de\/\" target=\"_blank\" rel=\"noreferrer noopener\">aDevantgarde-Festival<\/a>, Ltg.: Andreas Herrmann, Celibidache-Forum, Gasteig Muenchen<\/p>\n\n\n\n<p>21.05.17&nbsp;<strong>O let me weep<\/strong>&nbsp;fuer Sopran und Gitarre mit Susanne Barta und Adrian Pereyra,&nbsp;<a href=\"http:\/\/www.ismaning-evangelisch.de\/\" target=\"_blank\" rel=\"noreferrer noopener\">Evang.-Luth. Kirchengemeinde Ismaning\/Unterfoehring<\/a><\/p>\n\n\n\n<p>06.05.17&nbsp;<strong>O let me weep<\/strong>&nbsp;fuer Sopran und Gitarre mit Susanne Barta und Adrian Pereyra,&nbsp;<a href=\"http:\/\/www.hofgut-kieselberg.de\/media\/Programm-2017.pdf\" target=\"_blank\" rel=\"noreferrer noopener\">Kulturvereins Klassik \u2013 Limpurger Land<\/a>, Hofgut Kieselberg, Kieselberg 1, 74405 Gaildorf<\/p>\n\n\n\n<p>28.04.17&nbsp;<strong>O let me weep<\/strong>&nbsp;fuer Sopran und Gitarre mit Susanne Barta und Adrian Pereyra,&nbsp;<a href=\"http:\/\/www.evangelische-termine.de\/veranstaltung_im_detail4055359.html?PHPSESSID=987761mvcv6qig0dfuu92eias6&amp;popup=1&amp;css=none\" target=\"_blank\" rel=\"noreferrer noopener\">Immanuelkirche Denning<\/a>, Allensteiner Str. 9, 81929 Muenchen<\/p>\n\n\n\n<p>24.05.17 UA,&nbsp;<strong>O let me weep<\/strong>&nbsp;fuer Sopran und Gitarre mit Susanne Barta und Adrian Pereyra,&nbsp;<a href=\"http:\/\/www.schwerereitermusik.de\/Archiv\/2017-02-11%20BeyondPurcell.html\" target=\"_blank\" rel=\"noreferrer noopener\">Schwere Reiter<\/a>, Muenchen<\/p>\n\n\n\n<p>20.04.17 UA,&nbsp;<strong>3+4 Summenstueck IIIa<\/strong>,&nbsp;<a href=\"http:\/\/www.ensemblesuonogiallo.com\/\" target=\"_blank\" rel=\"noreferrer noopener\">Ensemble Suono Giallo<\/a>, mon ami Weimar,&nbsp;<a href=\"http:\/\/via-nova-ev.de\/\" target=\"_blank\" rel=\"noreferrer noopener\">Weimarer Fruehjahrstage<\/a><\/p>\n\n\n\n<p>08.04.17&nbsp;<strong>CHNOSPINCI \u2013 althodchdeutsche Blut- und Segenssprueche<\/strong>&nbsp;<strong>fuer Sopran und Viola, daraus Pro Nessia, Auf eine Pfeilspitze und als UA Bienensegen<\/strong>, mit Anna-Maria Bogner und Kelvin Hawthorne,&nbsp;<a href=\"http:\/\/www.mgnm.de\/\" target=\"_blank\" rel=\"noreferrer noopener\">MGNM<\/a>&nbsp;Musikfest,&nbsp;<a href=\"http:\/\/www.schwerereitermusik.de\/Archiv\/2017-02-11%20BeyondPurcell.html\" target=\"_blank\" rel=\"noreferrer noopener\">Schwere Reiter<\/a>, Muenchen&nbsp;<\/p>\n\n\n\n<p>06.04.17, 22:05 Uhr,&nbsp;<strong>Sendung von Komma-Sequenz&nbsp;<\/strong>fuer grosses Ensemble, mgnm-Festensemble und Peter Hirsch (Dirigent), Horizonte, BR-Klassik&nbsp;<\/p>\n\n\n\n<p>26.03.17&nbsp;<strong>Die Staedte sind gruen oder blau<\/strong>&nbsp;fuer Orchester sowie&nbsp;<strong>Strauch-Orchestration der Suite Bergamasque von Claude Debussy&nbsp;<\/strong>,&nbsp;<a href=\"http:\/\/www.rso-m.de\/\" target=\"_blank\" rel=\"noreferrer noopener\">Rainbow Sound Orchestra Munich<\/a>, Leitung: Alexander Strauch, Anton Fingerle Bildungszentrum, Aula, Muenchen<\/p>\n\n\n\n<p>20.02.17 Der Huegel, Lied mit Liat Himmelheber und Moritz Eggert,&nbsp;<a href=\"http:\/\/www.schwerereitermusik.de\/index.html\" target=\"_blank\" rel=\"noreferrer noopener\">Schwere Reiter<\/a>, Muenchen<\/p>\n\n\n\n<p><strong>2016<\/strong><\/p>\n\n\n\n<p>05.12.16&nbsp;<strong>Ueber die wahre Art oekonomischen Komponierens&nbsp;<\/strong>fuer Diskant-Zither mit Martin Mallaun, im Rahmen von<a href=\"http:\/\/www.adevantgarde.de\/festival\/archiv\/einzelkonzert-20161\">adevantgarde@Tonkuenstler Muenchen<\/a>, Einstein-Kultur, Muenchen<\/p>\n\n\n\n<p>25.11.16 UA,&nbsp;<strong>ReMiSolitude&nbsp;<\/strong>fuer Klarinette und Streichquartett,&nbsp;<a href=\"http:\/\/via-nova-ev.de\/?termin=zwischen-allen-stuehlen-3\">Hendrik Schnoeke und das Philharmonische Quartett Gera-Altenburg, Jena<\/a><\/p>\n\n\n\n<p>08.10.16 UA,&nbsp;<strong>Die Staedte sind gruen oder blau&nbsp;<\/strong>fuer Orchester sowie UA der Strauch-Instrumentation des Prelude aus Claude Debussys Suite Bergamasque ,&nbsp;<a href=\"https:\/\/www.gasteig.de\/veranstaltungen\/bavarious-voices.html,v38022\" target=\"_blank\" rel=\"noreferrer noopener\">Various Sounds Orchester, Carl-Orff-Saal Muenchen,<\/a>&nbsp;Leitung: Alexander Strauch<\/p>\n\n\n\n<p>18.06.16 UA,&nbsp;<strong>Komma-Sequenz&nbsp;<\/strong>fuer grosses Ensemble, unter der Leitung von Peter Hirsch,&nbsp;<a href=\"http:\/\/www.schwerereitermusik.de\/Archiv\/2016-06-17%20MGNM20.html\" target=\"_blank\" rel=\"noreferrer noopener\">20 Jahre MGNM, Schwere Reiter Muenchen<\/a><\/p>\n\n\n\n<p>05.06.16 UA,&nbsp;<strong>Gasteig-Bild f<\/strong>uer kleines Orchester im Rahmen von&nbsp;<a href=\"http:\/\/www.muenchenerbiennale.de\/programm-2016\/spielplan\/events\/event\/detail\/gaach-quasi-eine-volksoper\/\" target=\"_blank\" rel=\"noreferrer noopener\">GAACH-eine Volksoper, MVHS-Orchester, Ltg.: Alexander Strauch, Muenchener Biennale<\/a><\/p>\n\n\n\n<p>16.04.16, UA der Neufassung,&nbsp;<strong>Ascenseur&nbsp;<\/strong>fuer Marimba und Orchester mit Sabrina Ma (Marimba), Loh-Orchester Sondershausen, Dirgent Markus L. Frank, Weimarer Fruehjahrstage fuer zeitgenoessische Musik, E-Werk Weimar<\/p>\n\n\n\n<p>18.03.16,&nbsp;<strong>P.\/H.<\/strong>&nbsp;fuer Sopran und Saxofon nach Racines Phaedre, mit Anna-Maria Bogner (Sopran) und Christoph Reiserer (Saxofon), MGNM-Musikfest, Schwere Reiter<\/p>\n\n\n\n<p>20.02.16, 20 Uhr,&nbsp;<strong>Edward II.,<\/strong>&nbsp;Choropernrevue nach C. Marlowe, u.a. mit den Philhomonikern und Martina Veh (Regie), UFA-Fabrik, Berlin&nbsp;<\/p>\n\n\n\n<p>16.01.16, 20 Uhr, 17.01.16, 15 &amp; 17 Uhr&nbsp;<strong>Edward II.<\/strong>, Choropernrevue nach C. Marlowe, u.a. mit den Philhomonikern und Martina Veh (Regie), Black Box, Gasteig Muenchen<\/p>\n\n\n\n<p><strong>2015<\/strong><\/p>\n\n\n\n<p>14.11.16, 20 Uhr&nbsp;<strong>Edward II.<\/strong>, Choropernrevue nach C. Marlowe, u.a. mit den Philhomonikern und Martina Veh (Regie), Kulturb\u00fcro Muggenhof<\/p>\n\n\n\n<p>12.06.2015, Bardagi Amundar og Hildibrands (UA), u.a. mit dem Ensemble risonanze erranti unter der Leitung von Peter Tilling<\/p>\n\n\n\n<p>08.-12.04.2015,&nbsp;<strong>Hinter der Schwaerze&nbsp;<\/strong>fuer Akkordeon Horn, Cello und Synthesizer, Weimarer Fruehjahrstage fuer Neue Musik<\/p>\n\n\n\n<p>16.03.2015, 19 Uhr,&nbsp;<strong>Prise-SUR (UA)<\/strong>&nbsp;fuer Schlagzeug solo mit Stefan Blum, im Rahmen von&nbsp;<em>Kammermusik im Dialog: Markus Schmitt und Moritz Eggert<\/em>, Bayerische Akademie der Schoenen Kuenste<\/p>\n\n\n\n<p>07.-09.03.2015,&nbsp;<strong>Edward II. (Gesamt-UA)<\/strong>, Choropernrevue nach C. Marlowe, u.a. mit den Philhomonikern und Martina Veh (Regie), Black Box, Gasteig Muenchen<\/p>\n\n\n\n<p><strong>2014<\/strong><\/p>\n\n\n\n<p>08.12.2014, 20 Uhr,&nbsp;<strong>groeG lkarT \u2013 Drei Ges\u00e4nge des Teufels, Todes und Krieges (UA)<\/strong>, u.a. mit Lauriane Follonier (Klavier), Tonk\u00fcnstlerverband M\u00fcnchen, Bayerische Versicherungskammer, Maximilianstr. 53, 80530 M\u00fcnchen<\/p>\n\n\n\n<p>27.\/28.\/29.\/30.11 und 01.12.2014,&nbsp;<strong>STYX (UA)<\/strong>, Musiktheater, u.a. mit&nbsp;<a href=\"http:\/\/www.christopher-robson.com\/\">Ks. Christopher Robson<\/a>, dem&nbsp;<a href=\"http:\/\/www.united-continuo-service.de\/ucs\/Ensemble.html\">Ensemble United Continuo<\/a>, unter der Leitung von&nbsp;<a href=\"http:\/\/www.oper-stuttgart.de\/ensemble\/nicholas-kok\/\">Nicholas Kok<\/a>, Regie und Idee von&nbsp;<a href=\"http:\/\/www.martina-veh.de\/\">Martina Veh<\/a>,&nbsp;<a href=\"http:\/\/www.abgussmuseum.de\/\">Museum f\u00fcr Abg\u00fcsse<\/a>, M\u00fcnchen<\/p>\n\n\n\n<p>04.06.2014, 16 Uhr,&nbsp;<strong>Edward II. (Teil-UA)<\/strong>, Choropernrevue nach C. Marlowe, Urauff\u00fchrung des 1. Teils,&nbsp;<a href=\"http:\/\/www.philhomoniker.de\/\">Philhomoniker<\/a>&nbsp;mit Alexander Strauch, Regie&nbsp;<a href=\"http:\/\/www.martina-veh.de\/\">Martina Veh<\/a>,&nbsp;<a href=\"http:\/\/variousvoices.ie\/\">Festival Various Voices<\/a>, The Theatre, The Helix, Dublin City University<\/p>\n\n\n\n<p>25.04.2014, 20 Uhr,&nbsp;<strong>Judy&#8217;s advice how to play Shakespeare f\u00fcr Gesang und Ensemble<\/strong>&nbsp;<strong>(UA)<\/strong>,&nbsp;<a href=\"http:\/\/ensembleneon.no\/\">Ensemble neoN<\/a>,&nbsp;<a href=\"http:\/\/www.via-nova-ev.de\/index.html\">15. Weimarer Fr\u00fchjahrstage<\/a>, mon ami, Weimar, weitere Werke von&nbsp;<a href=\"http:\/\/www.helmutzapf.com\/\">Helmut Zapf<\/a>, Peter Helmut Lang,&nbsp;<a href=\"http:\/\/www.erikdaehlin.no\/\">Erik Daehlin<\/a>&nbsp;und&nbsp;<a href=\"http:\/\/smordal.no\/\">Jan Martin Sm\u00f8rdal<\/a><\/p>\n\n\n\n<p>23.04.2014,&nbsp;<strong>Ausz\u00fcge aus Chnospinci f\u00fcr Gesang und Viola<\/strong>, Musiktheater-Projekt von&nbsp;<a href=\"http:\/\/www.kristinawuss.de\/index2.html\">Kristina Wuss<\/a>,&nbsp;<a href=\"http:\/\/www.seidlvilla.de\/\">Seidl-Villa M\u00fcnchen<\/a><\/p>\n\n\n\n<p>13.04.2014, 11 Uhr,&nbsp;<strong>So what? \u2013 Putin &amp; Tchaikovsky, Thema und 3 Fantasie-Variationen \u00fcber ein pr\u00e4sidiales Interview (UA)&nbsp;<\/strong>f\u00fcr Violoncello und Klavier (UA), mit Johannes Gutfleisch (Cello) und Andreas Skouras (Klavier), Pianohaus Hermes &amp; Weger, Augsburg,<a href=\"http:\/\/www.deutsche-mozart-gesellschaft.de\/index.php\/event\/events\/Duo.html\">Deutsche Mozart-Gesellschaft<\/a>, weitere Werke von&nbsp;<a href=\"http:\/\/www.fermate.cc\/hansjuergenvonbose\/\">Hans-J\u00fcrgen von Bose<\/a>, Anton Ruppert,&nbsp;<a href=\"http:\/\/clockboxx.de\/\">Volker Nickel<\/a>, etc.<\/p>\n\n\n\n<p>07.04.2014, 20 Uhr,&nbsp;<strong>So what? \u2013 Putin &amp; Tchaikovsky, Thema und 3 Fantasie-Variationen \u00fcber ein pr\u00e4sidiales Interview (UA)&nbsp;<\/strong>f\u00fcr Violoncello und Klavier (UA), mit Johannes Gutfleisch (Cello) und Andreas Skouras (Klavier),&nbsp;<a href=\"http:\/\/www.tonkuenstler-muenchen.de\/\">Tonk\u00fcnstlerverband M\u00fcnchen<\/a>, Bayerische Versicherungskammer, Warngauer Str. 30, M\u00fcnchen, weitere Werke von&nbsp;<a href=\"http:\/\/www.fermate.cc\/hansjuergenvonbose\/\">Hans-J\u00fcrgen von Bose<\/a>, Anton Ruppert,&nbsp;<a href=\"http:\/\/clockboxx.de\/\">Volker Nickel<\/a>, etc.<\/p>\n\n\n\n<p><strong>2013<\/strong><\/p>\n\n\n\n<p>17.09.2013,&nbsp;<strong>Schraffur\/Gel\u00e4nde (UA)<\/strong>, Austauschkonzert der Frankfurter Gesellschaft f\u00fcr Neue Musik mit der M\u00fcnchener Gesellschaft f\u00fcr Neue Musik, mit Markus Heinze (Tubax\/Kb.-Sax.), Klaus-Peter Werani (Viola) und Kai Wangller (Akkordeon), Instituto Cervantes, Frankfurt\/M.<\/p>\n\n\n\n<p>22.06.2013,&nbsp;<strong>non abbiate paura (UA)<\/strong>,&nbsp;<a href=\"http:\/\/decoder-ensemble.de\/\">Decoder-Ensemble<\/a>&nbsp;Hamburg, 12.&nbsp;<a href=\"http:\/\/www.adevantgarde.de\/\">ADEvantgarde-Festival<\/a>, Club&nbsp;<a href=\"http:\/\/bobbeamanclub.com\/\" target=\"_blank\" rel=\"noreferrer noopener\">Bobbeaman<\/a>,&nbsp;M\u00fcnchen<\/p>\n\n\n\n<p>19.05.2013,&nbsp;<strong>Hin und Her III \u2013 extended (UA)<\/strong>, mit Carin Levine (Altfl\u00f6te) und dem neugegr\u00fcndeten Ensemble der L\u00e4nder unter der Leitung von Juri Lebedev, Rheinsberger Pfingstwerkstatt14. Weimarer Fr\u00fchjahrstage, mon ami, Weimar<\/p>\n\n\n\n<p>20.04.2013,&nbsp;<strong>M.Q.S f\u00fcr Klarinette, Violine, Violoncello und Live-Elektronik (UA)<\/strong>&nbsp;mit dem Ensemble&nbsp;<a href=\"http:\/\/www.pianopossibile.de\/\" target=\"_blank\" rel=\"noreferrer noopener\">piano possibile<\/a>,&nbsp;<a href=\"http:\/\/www.i-camp.de\/\" target=\"_blank\" rel=\"noreferrer noopener\">i-camp M\u00fcnchen<\/a><\/p>\n\n\n\n<p>18.04.2013,&nbsp;<strong>M.Q.S f\u00fcr Klarinette, Violine, Violoncello und Live-Elektronik (UA)<\/strong>&nbsp;mit dem Ensemble&nbsp;<a href=\"http:\/\/www.pianopossibile.de\/\" target=\"_blank\" rel=\"noreferrer noopener\">piano possibile<\/a>,&nbsp;<a href=\"http:\/\/www.villa-concordia.de\/\" target=\"_blank\" rel=\"noreferrer noopener\">Internationales K\u00fcnstlerhaus Bamberg \u201eVilla Concordia\u201c<\/a><\/p>\n\n\n\n<p>05.04.2013,&nbsp;<strong>Hin und Her III<\/strong>&nbsp;<strong>(UA)<\/strong>, mit Carin Levine (Altfl\u00f6te) und den Landesjugendensembles Niedersachsen und Th\u00fcringen unter der Leitung von Juri Lebedev, 14. Weimarer Fr\u00fchjahrstage, mon ami, Weimar<\/p>\n\n\n\n<p>06.03.2013,&nbsp;<a href=\"http:\/\/www.muenchener-biennale.de\/klangspuren\/index.php\/de\/alexander-strauch\/\" target=\"_blank\" rel=\"noreferrer noopener\">M\u00fcnchener Biennale \u2013 Klangspuren Plus<\/a>, Gespr\u00e4chskonzert mit Siegfried Mauser, Musiker: Anna-Maria Bogner (Sopran), Martin Mallaun (Zithern), Klaus-Peter Werani (Viola) und Hanno Simons (Violoncello), u.a.:&nbsp;<strong>STIMMUNG \u2013 \u00fcber die Bedeutungen dieses Begriffs in neun Bildern (UA)<\/strong>,&nbsp;<strong>sub arturo plebs \u2013 komponierte Ver\u00e4nderung der Motette von Johannes Alanus (UA)<\/strong>,<strong>Bearbeitung der Cinq M\u00e9lodies Populaires Gr\u00e8cques<\/strong>&nbsp;von M. Ravel&nbsp;<strong>(UA)<\/strong><\/p>\n\n\n\n<p><strong>2012<\/strong><\/p>\n\n\n\n<p>14.9.2012, 19 Uhr,&nbsp;<strong>Streichquartett I HIAS \u201eIn Memoriam Matthias Klostermayr\u201c<\/strong>, 4&#215;4 zusammen mit&nbsp;<a href=\"http:\/\/clockboxx.de\/\" target=\"_blank\" rel=\"noreferrer noopener\">Volker Nickel<\/a>,&nbsp;<a href=\"http:\/\/www.christophreiserer.net\/\" target=\"_blank\" rel=\"noreferrer noopener\">Christoph Reiserer<\/a>&nbsp;und&nbsp;<a href=\"http:\/\/www.nicolaus-richter-de-vroe.kulturserver.de\/\" target=\"_blank\" rel=\"noreferrer noopener\">Nicolaus Richter de Vroe<\/a>,&nbsp;<a href=\"http:\/\/lautwechsel.de\/\" target=\"_blank\" rel=\"noreferrer noopener\">Festival Lautwechsel<\/a>&nbsp;,<a href=\"http:\/\/www.einstein-muenchen.de\/einstein.html\" target=\"_blank\" rel=\"noreferrer noopener\">Einstein-Kulturzentrum<\/a>) mit dem XSEMBLE-Streichquartett (Marije Grevink und Nicolaus Richter de Vroe (Violinen), Klaus Peter Werani (Viola) und Hanno Simons (Violoncello)), Einsteinstr. 42, U 4\/5 Max-Weber-Platz, mit freundlicher Unterst\u00fctzung des Kulturreferats der Landeshauptstadt M\u00fcnchen<\/p>\n\n\n\n<p>15.10.2012, 19:30 Uhr,&nbsp;<strong>Neues Streichquartett I HIAS \u201eIn Memoriam Matthias Klostermayr\u201c<\/strong>, 4&#215;4 zusammen mit&nbsp;<a href=\"http:\/\/clockboxx.de\/\" target=\"_blank\" rel=\"noreferrer noopener\">Volker Nickel<\/a>,&nbsp;<a href=\"http:\/\/www.christophreiserer.net\/\" target=\"_blank\" rel=\"noreferrer noopener\">Christoph Reiserer<\/a>&nbsp;und&nbsp;<a href=\"http:\/\/www.nicolaus-richter-de-vroe.kulturserver.de\/\" target=\"_blank\" rel=\"noreferrer noopener\">Nicolaus Richter de Vroe<\/a>,&nbsp;<a href=\"http:\/\/www.tonkuenstler-muenchen.de\/de\/konzerte_termine\/kalenderdetail\/?id=1345\" target=\"_blank\" rel=\"noreferrer noopener\">Studio f\u00fcr Neue Musik<\/a>&nbsp;des Tonk\u00fcnstlerverbandes M\u00fcnchen, mit dem XSEMBLE-Streichquartett (Marije Grevink und Nicolaus Richter de Vroe (Violinen), Klaus Peter Werani (Viola) und Hanno Simons (Violoncello)), Versicherungskammer Bayern, Maximilianstr. 53, U 4\/5 Lehel, Tram 18\/19 Maxmonument, mit freundlicher Unterst\u00fctzung des Kulturreferats der Landeshauptstadt M\u00fcnchen<\/p>\n\n\n\n<p>15.\/16.\/17.\/18.8.2012, je 15:45 Uhr, Julius C\u00e4sar \u2013 Kopflos in \u00c4gypten,&nbsp;<a href=\"http:\/\/www.edfringe.com\/whats-on\/musicals-and-operas\/julius-caesar-losing-your-head-in-egypt\">Edinburgh Fringe Festival 2012<\/a>, Cvenues, Chambers Street, Edinburgh mit den&nbsp;<a href=\"http:\/\/www.philhomoniker.de\/\">Philhomonikern<\/a>, Regie&nbsp;<a href=\"http:\/\/www.martina-veh.de\/\">Martina Veh<\/a><\/p>\n\n\n\n<p>5.5. ,19:30 Uhr,&nbsp;<a href=\"http:\/\/www.gasteig.de\/der-gasteig\/zur-orientierung\/verkehrsanbindung.html\">Gasteig M\u00fcnchen<\/a>, VOR dem Carl-Orff-Saal, Einritt frei:&nbsp;<a href=\"http:\/\/www.schwerereiter.de\/Archiv\/2012-05-05_Nucleus3.html\"><strong>M.eta-M.orph-O.P.-er<\/strong><\/a><a href=\"http:\/\/www.schwerereiter.de\/Archiv\/2012-05-05_Nucleus3.html\">,<\/a>&nbsp;Kleines Musiktheater f\u00fcr zwei Soprane, Computerstimme und Zuspielung, The StrauchAllStars:&nbsp;<a href=\"http:\/\/www.bogner.net\/\">Anna Maria Bogner<\/a>&nbsp;und Beatrice Greisinger (Sopran) und Alexander Strauch,&nbsp;<a href=\"http:\/\/www.sub-bavaria.de\/wiki\/Rainer_Ludwig\">Rainer Ludwig<\/a>&nbsp;(Licht), Produktion des NUCLEUS, Konzept von&nbsp;<a href=\"http:\/\/www.kunstbahnsteig.de\/kontakt\/kontakt.htm\">Karl Wallowsky<\/a>&nbsp;und&nbsp;<a href=\"http:\/\/angela-dauber.de\/\">Angela Dauber<\/a>&nbsp;im Rahmen der&nbsp;<a href=\"http:\/\/www.muenchener-biennale.de\/biennale_2012\/program.php\/de\/nucleus\/\">M\u00fcnchener Biennale<\/a>.&nbsp;<a href=\"http:\/\/www.schwerereiter.de\/Archiv\/2012-05-03_Nucleus.html\">Weitere Auff\u00fchrungen<\/a>: 17.\/18.5. je 20:30,&nbsp;<a href=\"http:\/\/www.schwerereiter.de\/lageplan.html\">Schwere Reiter M\u00fcnchen<\/a>, Karten an der Abendkasse, weitere \u201eNuclei\u201c von&nbsp;<a href=\"http:\/\/www.eva-sindichakis.de\/\">Eva Sindichakis<\/a>,&nbsp;<a href=\"http:\/\/www.minasborboudakis.com\/cms\/\">Minas Borboudakis<\/a>,&nbsp;<a href=\"http:\/\/www.ricordi.de\/brass-nikolaus.0.html\">Nikolaus Brass<\/a>,&nbsp;<a href=\"http:\/\/stefanschulzki.com\/\">Stefan Schulzki<\/a>,&nbsp;<a href=\"http:\/\/www.thomasmeadowcroft.com\/\">Thomas Meadowcroft<\/a>,&nbsp;<a href=\"http:\/\/de.wikipedia.org\/wiki\/Manuela_Kerer\">Manuela Kerer<\/a>,&nbsp;<a href=\"http:\/\/thenp.punapau.dyndns.org\/publisher\/site\/thenp\/public\/obj\/page.php?obj=16&amp;path=1,2,595,868\">Michael E. Bauer<\/a>; Gef\u00f6rdert u.a. vom Kulturreferat der Landeshauptstadt M\u00fcnchen, dem Fonds Darstellende K\u00fcnste e.V.<\/p>\n\n\n\n<p>12.5. Vorpremiere 20:30 (ausserhalb der Biennale),&nbsp;BIENNALE-PREMIERE 13. Mai 20:30, 14. Mai 20:30,&nbsp;15. Mai 18 Uhr (ausserhalb der Biennale)&nbsp;und&nbsp;15. Mai 2012 20:30 Uhr,&nbsp;<strong>NEDA \u2013 Der Ruf\/Die Stimme (UA)<\/strong>, Musiktheater f\u00fcr zwei Soprane, Zither\/Violoncello und Live-Elektronik(pd),&nbsp;<a href=\"http:\/\/www.muenchener-biennale.de\/biennale_2012\/program.php\/de\/neda\/\" target=\"_blank\" rel=\"noreferrer noopener\">M\u00fcnchener Biennale 2012<\/a>&nbsp;(13.-15.Mai je 20:30 Uhr), mit Alexander Strauch (musikal. Ltg., Komposition, Idee Konzept),&nbsp;<a href=\"http:\/\/www.martina-veh.de\/\" target=\"_blank\" rel=\"noreferrer noopener\">Martina Veh<\/a>&nbsp;(Regie, Text), Benedikt Zehm (Licht, Konzept), Martina Segna (Raumbild), Peer Quednau (Ton), Anton Kaun (Bild- &amp; Filmtechnik), Simone Lutz (Dramaturgie), Marlene Besl (Assistenz Regie und Text), Hatef Soltani (Hospitanz), Julla von Landsberg und Alexandra Steiner (Sopran), Mathis Mayr (Celli), Martin Mallaun (Zithern),&nbsp;<a href=\"http:\/\/www.i-camp.de\/\" target=\"_blank\" rel=\"noreferrer noopener\">i-camp<\/a>,&nbsp;M\u00fcnchen.<\/p>\n\n\n\n<p>Gef\u00f6rdert durch&nbsp;das&nbsp;Projektstipendium Junge Kunst\/Neue Medien f\u00fcr Musik des Kulturreferats der Landeshauptstadt M\u00fcnchen. Gef\u00f6rdert durch den Fonds Darstellende K\u00fcnste e.V. Partner ist das i-camp<\/p>\n\n\n\n\n\n\n\n\n\n\n\n<p>31.03.2012, 11:30 Uhr,&nbsp;<strong>Portr\u00e4tkonzert Alexander Strauch \/ Leopold Hurt<\/strong>, beide befragen sich gegenseitig zu ihrer Musik, Wellenbrecher und \u00dcber die wahre Art \u00f6konomischen Musizierens, hellh\u00f6rig 3, Festival Zither 9, Black Box, Gasteig, M\u00fcnchen<\/p>\n\n\n\n<p><strong>2011<\/strong><\/p>\n\n\n\n<p>11.10.2011, 19 Uhr, Hafis Lesung I f\u00fcr Sprecher und Live-Elektronik(pd), nach Hafis&#8216; Ghasele 86 in F. R\u00fcckerts \u00dcbertragung, A. Strauch Sprecher und Live-Elektronik, Vergabe des Projekstipendiums Neue Musik\/Neue Medien der Landeshauptstadt M\u00fcnchen (geschlossene Veranstaltung),&nbsp;<a href=\"http:\/\/www.schwerereiter.de\/\">schwere reiter<\/a>, M\u00fcnchen<\/p>\n\n\n\n<p>07.06.2011, 19 Uhr, Politisch Lied (UA) f\u00fcr Sopran, Bariton und Ensemble, Text Andreas Schimkus, mit Rudi Spring (Leitung), Julia Rutigliano und Christian Eberl (Gesang), Ensemble Adevantgarde, 11.&nbsp;<a href=\"http:\/\/www.adevantgarde.de\/\">Adevantgarde-Festival<\/a>,&nbsp;<a href=\"http:\/\/www.badsk.de\/\">Bayerische Akademie der Sch\u00f6nen K\u00fcnste<\/a>, M\u00fcnchen<\/p>\n\n\n\n<p>26.03.2011, 18 Uhr, Aus der Weltbox (UA) f\u00fcr Chor&amp;Live-Elektronik(pd), Mitglieder der&nbsp;<a href=\"http:\/\/www.philhomoniker.de\/\">Philhomoniker<\/a>, Leitung A. Strauch,&nbsp;<a href=\"http:\/\/www.mgnm.de\/\">MGNM<\/a>-Musikfest 2011,&nbsp;<a href=\"http:\/\/www.schwerereiter.de\/\">schwere reiter<\/a>, M\u00fcnchen<\/p>\n\n\n\n<p><strong>2010<\/strong><\/p>\n\n\n\n<p>20.&amp;21.11.2010, 20:30,&nbsp;<em>Julius C\u00e4sar &#8211; Kopflos in \u00c4gypten<\/em>&nbsp;mit und ohne G.F. H\u00e4ndel und eigener Musik von A. Strauch und Texten von Andreas Schimkus sowie Regie Martina Veh,&nbsp;<a href=\"http:\/\/www.philhomoniker.de\/\" target=\"_blank\" rel=\"noreferrer noopener\">Philhomoniker<\/a>,&nbsp;<a href=\"http:\/\/www.i-camp.de\/\">i-camp<\/a>, M\u00fcnchen<\/p>\n\n\n\n<p>17.11.2010, 20:30, Aus der Weltbox f\u00fcr Chor&amp;Live-Elektronik(pd), Gastbeitrag zu Les Surgelees \u2013 Bunte Abende in Zeiten von Web 2.0,&nbsp;<a href=\"http:\/\/www.realprodukt.de\/\">realprodukt<\/a>,&nbsp;<a href=\"http:\/\/www.i-camp.de\/\">i-camp<\/a>, M\u00fcnchen<\/p>\n\n\n\n<p>21.10.2010, 19:30 Uhr,&nbsp;<em>Julius C\u00e4sar &#8211; Kopflos in \u00c4gypten<\/em>&nbsp;mit und ohne G.F. H\u00e4ndel und eigener Musik von A. Strauch und Texten von Andreas Schimkus sowie Regie Martina Veh,&nbsp;<a href=\"http:\/\/www.philhomoniker.de\/\" target=\"_blank\" rel=\"noreferrer noopener\">Philhomoniker<\/a>,&nbsp;<a href=\"http:\/\/www.kunstforum-gilching.de\/\">Kunstforum Gilching<\/a>&nbsp;anl\u00e4\u00dflich der Gilchinger Kunstwoche,Aula des Christoph-Probst-Gymnasiums Gilching<\/p>\n\n\n\n<p>24.09.2010, 20 Uhr,&nbsp;<em>Julius C\u00e4sar &#8211; Kopflos in \u00c4gypten<\/em>&nbsp;mit und ohne G.F. H\u00e4ndel und eigener Musik von A. Strauch und Texten von Andreas Schimkus sowie Regie Martina Veh,&nbsp;<a href=\"http:\/\/www.philhomoniker.de\/\" target=\"_blank\" rel=\"noreferrer noopener\">Philhomoniker<\/a>,&nbsp;<a href=\"http:\/\/www.pasinger-fabrik.com\/\">Pasinger Fabrik<\/a>, M\u00fcnchen<\/p>\n\n\n\n<p>11.07.2010, 19 Uhr,&nbsp;<em>Erster Auftritt des MVHS-Orchesters<\/em>, Werke von Mozart und Gluck, Alexander Strauch (Dirigent), Foyer der Philharmonie, Gasteig, M\u00fcnchen<\/p>\n\n\n\n<p>27.03.2010, 21:15 und 23:30 Uhr&nbsp;<em>Sinfonia I \u2013 Hin und Her f\u00fcr 3 E-Zithern, Blechbl\u00e4sersextett und zwei R\u00fchrtrommeln&nbsp;<\/em>mit Jana Brlec, Tinka Budic &amp; Pia Grandl (Studentinnen der Zitherklasse,&nbsp;<a href=\"http:\/\/www.musikhochschule-muenchen.de\/\">Musikhochschule M\u00fcnchen<\/a>) und dem erweiterten Bl\u00e4serensemble&nbsp;<a href=\"http:\/\/www.quattro-poly.de\/\">Quattro-Poly<\/a>, Dirigent: Alexander Strauch, Inszenierung: Cornel Franz, Gesamtleitung:&nbsp;<a href=\"http:\/\/www.georgglasl.de\/\" target=\"_blank\" rel=\"noreferrer noopener\">Georg Glasl<\/a>,&nbsp;<a href=\"http:\/\/zither8.de\/zerbrochene_idyllen.html\">Festival Zither 8<\/a>, Black Box,&nbsp;<a href=\"http:\/\/www.gasteig.de\/\" target=\"_blank\" rel=\"noreferrer noopener\">Gasteig<\/a>M\u00fcnchen<\/p>\n\n\n\n<p>13.02.2010, 20 Uhr,&nbsp;<em>Julius C\u00e4sar &#8211; Kopflos in \u00c4gypten<\/em>&nbsp;(UA) mit und ohne G.F. H\u00e4ndel und eigener Musik von A. Strauch und Texten von Andreas Schimkus sowie Regie Martina Veh,&nbsp;<a href=\"http:\/\/www.philhomoniker.de\/\" target=\"_blank\" rel=\"noreferrer noopener\">Philhomoniker<\/a>, Black Box,&nbsp;<a href=\"http:\/\/www.gasteig.de\/\" target=\"_blank\" rel=\"noreferrer noopener\">Gasteig<\/a>&nbsp;M\u00fcnchen; weitere Auff\u00fchrungen 26.-<\/p>\n\n\n\n<p>27.02.2010 i-camp M\u00fcnchen, Entenbachstr. 37, U Kolumbusplatz<\/p>\n\n\n\n<p><strong>2009<\/strong><\/p>\n\n\n\n<p>23.\/24.\/25., 28.10 &amp; 01.11.2009, 20 Uhr,&nbsp;<em>UT-OP.er<\/em>&nbsp;nach Thomas Morus&#8216; Utopia, Musiktheater in Zusammenarbeit mit&nbsp;<a href=\"http:\/\/www.martina-veh.de\/\" target=\"_blank\" rel=\"noreferrer noopener\">Martina Veh<\/a>, Kristina Siegel &amp;&nbsp;<a href=\"http:\/\/christopher-robson.com\/\" target=\"_blank\" rel=\"noreferrer noopener\">Christopher Robson<\/a>,&nbsp;<a href=\"http:\/\/www.semperoper.de\/de\/kleine_szene\/premieren20092010\/ut_oper.html\" target=\"_blank\" rel=\"noreferrer noopener\">Kleine Szene der Semperoper Dresden<\/a>,&nbsp;<a href=\"http:\/\/tu-dresden.de\/die_tu_dresden\/fakultaeten\/fakultaet_elektrotechnik_und_informationstechnik\/ieeh\/institut\/geschichte\/75_jahre_hochspannungshalle\" target=\"_blank\" rel=\"noreferrer noopener\">Hochspannungshalle der TU Dresden<\/a><\/p>\n\n\n\n<p>15.-18.01.2009, 20:30, Who the fuck is Jager Gracchus (UA) \u2013 Monotonien eines Untoten, Singspiel nach F. Kafkas J\u00e4ger Gracchus-Fragmenten, Gesang&amp;Musiker:&nbsp;<a href=\"http:\/\/www.bogner.net\/\">Anna-Maria Bogner,<\/a>&nbsp;Beatrice Greisinger, Mafalda de Lemos,&nbsp;<a href=\"http:\/\/www.pianopossibile.de\/\">pianopossibile<\/a>, Regie und Szene:&nbsp;<a href=\"http:\/\/www.realprodukt.de\/\">Christina Ruf,<\/a>&nbsp;Raum:&nbsp;<a href=\"http:\/\/www.naturtalente.eu\/\">Manuela M\u00fcller<\/a>, Live-Visualisierungen:&nbsp;<a href=\"http:\/\/www.naturtalente.de\/\">Lutz Weinmann<\/a>, Licht:&nbsp;<a href=\"http:\/\/www.sub-bavaria.de\/wiki\/Rainer_Ludwig\">Rainer Ludwig<\/a>, Komposition&amp;Dirigent: A. Strauch,&nbsp;<a href=\"http:\/\/www.i-camp-muenchen.de\/\">i-camp<\/a>, M\u00fcnchen<\/p>\n\n\n\n<p><strong>2008<\/strong><\/p>\n\n\n\n<p>19.10.2008, 18 Uhr, Being your slave \u2013 Sonett 57 von W. Shakespeare f\u00fcr gemischten Chor, Projektchor der Monaccord-Ch\u00f6re (<a href=\"http:\/\/www.monaccord.de\/\">monaccord.de<\/a>), Konzert der queeren Ch\u00f6re M\u00fcnchens, Theater&nbsp;<a href=\"http:\/\/www.leo17.de\/\">Leo 17<\/a>, M\u00fcnchen&nbsp;<\/p>\n\n\n\n<p>30.06.2008, 15 Uhr, =11=, Taschenphilharmonie M\u00fcnchen, Ltg. Peter Stangel, Konzert zum 850. Stadtgeburtstag M\u00fcnchens, Kulturreferat in Zusammenarbeit mit dem M\u00fcnchener Tonk\u00fcnstlerverband, black box Gasteig, M\u00fcnchen<\/p>\n\n\n\n<p>30.06.2008, 18 Uhr,&nbsp;differenzen zu dritt &#8211; summenst\u00fcck IV f\u00fcr Bassetthorn, Basstrompete und Kontraba\u00df, piano possibile, schwere reiter M\u00fcnchen&nbsp;<\/p>\n\n\n\n<p>21.05.2008, 20 Uhr,&nbsp;differenzen zu dritt &#8211; summenst\u00fcck IV f\u00fcr Bassetthorn, Basstrompete und Kontraba\u00df, piano possibile, Gespr\u00e4chskonzert mit Reinhard Schulz in der Reihe \u201everh\u00f6rt\u201c der M\u00fcnchener Gesellschaft f\u00fcr Neue Musik (<a href=\"http:\/\/www.mgnm.de\/\">mgnm.de<\/a>), Kunstbahnsteig Giesing<\/p>\n\n\n\n<p>16.01.2008, 20 Uhr, MenschenSchneiden, Leopold Hurt (Zither) &amp; Martin Jaggi (Violoncello), FGNM, Raum fuer Kultur im Gallileo-Hochhaus, Gallusanlage 7, Frankfurt\/M.<\/p>\n\n\n\n<p><strong>2007<\/strong><\/p>\n\n\n\n<p>25.11.2007, ab 14 Uhr, ASCENSEUR-Konzert fuer Marimba und Orchester, Leo Henry Koch (Marimba), BerlinerJugendsinfonieorchester der&nbsp;Musikschule Marzahn-Hellersdorf, Jobst Liebrecht (Dirigent), Kammermusiksaal,&nbsp;<a href=\"http:\/\/www.berliner-philharmoniker.de\/de\/details\/686\/\"><u>Berliner Philharmonie<\/u><\/a><\/p>\n\n\n\n<p>09.11.2007, 20 Uhr, AGGREGAT I-V fuer Floete, Oboe und Schokoladenreibe (UA), David Eschmann (Fl\u00f6te), Dietrich Schmidt (Oboe), Tinka Kleffner (Texte), A. Strauch (Ltg.&amp;Schokoladenreibe),&nbsp;Hochschule fuer Philosophie, Kaulbachstr. 33, M\u00fcnchen<\/p>\n\n\n\n<p>05.11.2007, 19 Uhr, ASCENSEUR-Konzert fuer Marimba und Orchester (UA), Leo Henry Koch (Marimba), BerlinerJugendsinfonieorchester der&nbsp;Musikschule Marzahn-Hellersdorf, Jobst Liebrecht (Dirigent),&nbsp;FEZ-Wulheide Berlin<br><br>26.09.2007, 20 Uhr, ZU-Hoerung fuer Violine und Zither,&nbsp;<a href=\"http:\/\/www.ensemble-integrales.com\/\"><u>ensemble integrales<\/u><\/a>, Barbara Lueneburg (Violine) und Leopold Hurt (Diskantzither), Opera Stabile,&nbsp;<a href=\"http:\/\/www.hamburgische-staatsoper.de\/\"><u>Hamburgische Staatsoper<\/u><\/a>, Hamburg&nbsp;<br><br>06.\/07\/13.07.2007, 20 Uhr, Werbe-Wahn (UA), Musik und Arrangements zum neuen Programm der&nbsp;<a href=\"http:\/\/www.philhomoniker.de\/\"><u>Philhomoniker<\/u><\/a>,&nbsp;<a href=\"http:\/\/www.schlachthof.net\/\"><u>Theater im Schlachthof<\/u><\/a>, M\u00fcnchen<br><br>25.\/26.\/27.\/28.01.2007, 20:30 Uhr, \u201eMenuefolge\u201c (UA), recollection_tafelfreu(n)de von&nbsp;<a href=\"http:\/\/www.realprodukt.info\/\"><u>realprodukt<\/u><\/a>,&nbsp;<a href=\"http:\/\/www.i-camp.de\/\"><u>i-camp<\/u><\/a>&nbsp;M\u00fcnchen<br><br><strong>2006<\/strong><\/p>\n\n\n\n<p>14.12.2006, 20 Uhr, \u201eServas, Arnold\u201c (UA), Sch\u00f6nberg-Revisited-Projekt des Ensemble&nbsp;<a href=\"http:\/\/www.pianopossibile.de\/\"><u>pianopossibile<\/u><\/a>,&nbsp;<a href=\"http:\/\/www.muffathalle.de\/\">Muffathalle M\u00fcnchen<\/a><br><br>28.10.2006, 20 Uhr, =11= (UA),<a href=\"http:\/\/www.ensembleleipzig21.de\/\"><u>&nbsp;<\/u><\/a><a href=\"http:\/\/www.ensembleleipzig21.de\/\"><u>ensemble leipzig 21<\/u><\/a>, Bundesverwaltungsgericht Leipzig, Grosser Sitzungssaal&nbsp;<br><br>16.07.2006, 11 Uhr, 5 &amp; 7 (UA) f\u00fcr Fl\u00f6te, Ba\u00dfklarinette, Violine und Viola, Ensemble&nbsp;<a href=\"http:\/\/www.pianopossibile.de\/\"><u>pianopossibile<\/u><\/a>,&nbsp;<br><a href=\"http:\/\/www.stadtmuseum-online.de\/\">Stadtmuseum M\u00fcnchen<\/a>, Musikinstrumentensammlung<br><br>21.04.2006 MenschenSchneiden f\u00fcr Diskantzither, Cello und Computerchor mit L.Hurt(Zith.)&amp;M.Jaggi(Vcl.), Gasteig M\u00fcnchen,&nbsp;Festival Zither 6&nbsp;<br><br>16.-17.06.2006 Ausschnitt aus dem Neuen Programm der&nbsp;Philhomoniker, einige neue Chorlieder und Arrangements,&nbsp;Monaccord-Festival<br><br><strong>2005<\/strong><\/p>\n\n\n\n<p>07.10.2005, 19:30 Uhr: HINTER DER SCHW\u00c4RZE f\u00fcr Akkordeon Solo mit Martin Schlumberger, Musikfest der MGNM zum 10-j\u00e4hrigen Jubli\u00e4um, St. Bonifaz, Karlstr. (U2 K\u00f6nigsplatz), M\u00fcnchen;&nbsp;www.mgnm.de<br><br>12.8.2005 und 13.8.2005, 17 Uhr, Schlosstheater Rheinsberg: Der Treue Heinrich &#8211; Szene aus der Oper Morbus Teutonicus (Libretto: Siegfried Gerlich)(UA) mit Mitgliedern der Kammeroper Rheinsberg (www.kammeroper-rheinsberg.de\/opernwerkstatt.shtml)&nbsp;<br><br>6.6.2005, 20 Uhr, Musikhochshule Hamburg, Forum der Hochschule, Alpen-Jetzt im Studio 21: MenschenSchneiden f\u00fcr Zither und Violoncello(UA)mit Leopold Hurt(Zither)&amp;Martin Jaggi(Violoncello)<br><br>18.2., 19.2., 24.-26.2.2005 je 20:30 Uhr, icamp,Neues Theater M\u00fcnchen,&nbsp;Entenbachstr.37 (U1\/2Kolumbuspl.): &#8222;JOE&amp;MAX&#8220; &#8211; KOPER &#8211; eine deutsch amerikanische Beziehung(UA), die Story der Boxk\u00e4mpfe 1936 und 1938 von Max Schmeling vs. Joe Louis von Alexander Strauch(Komposition, musikal.Ltg.) und Marcus Hank(Libretto, Inszenierung), eine Produktion von&nbsp;www.station2-ev.de&nbsp;, mehr Infos unter&nbsp;www.joe-und-max.de<br><br>20.\/22.\/23.\/24.\/26.1.2005 je 20 Uhr und 23.1.2005 17 Uhr, Bayerforum-M\u00fcnchen: element 112 f\u00fcr Sopran, Zither, Akkordeon, Akteure und ausw\u00e4hlendes Publikum, eine Produktion von&nbsp;www.realprodukt.de<br><br><strong>2004<\/strong><\/p>\n\n\n\n<p>9.10.2004, 19 Uhr: Singend Hauchen;auch Pfeifend f\u00fcr Fl\u00f6te solo, mit David Eschmann (Fl\u00f6te) im Rahmen des MGNM-Musikfestes 2004 ( www.mgnm.de ), Carl-Orff-Auditorium, Geb\u00e4ude der Musikhochschule M\u00fcnchen an der Luisenstrasse 37a in M\u00fcnchen&nbsp;<br><br>1.8.2004, 13 Uhr, Theatron im Olympiapark M\u00fcnchen, Abschlussveranstaltung der Eurogames 2004, Hymne &#8222;let&#8217;s go for the rainbow&#8220;&nbsp;<br><br>31.7.2004, 20 Uhr, Staatstheater am G\u00e4rtnerplatz M\u00fcnchen, Chorkonzert &#8222;All over the rainbow&#8220; der Eurogames 2004. Hymne &#8222;Let&#8217;s go for the rainbow&#8220;&nbsp;<br>&nbsp;<br>30.7.2004, 20 Uhr, Amerikahaus M\u00fcnchen, Chorkonzert III der Eurogames 2004, Hymne &#8222;Let&#8217;s go for the rainbow&#8220;&nbsp;<br><br>29.7.2004, 20 Uhr, Olympiahalle M\u00fcnchen, Er\u00f6ffnung der Eurogames 2004, Hymne &#8222;Let&#8217;s go for the rainbow&#8220;&nbsp;<br><br>28.7.2004, 20 Uhr Hinter der Schw\u00e4rze f\u00fcr Akkordeon Solo, mit Martin Schlumberger (Akkordeon), Nikolauskirche, Kirchenstr. in Haar bei M\u00fcnchen&nbsp;<br><br>28.7.2004, 20 Uhr , Amerikahaus M\u00fcnchen, Chorkonzert II der Eurogames 2004, Hymne &#8222;Let&#8217;s go for the rainbow&#8220;&nbsp;<br><br>27.7.2004, 20 Uhr, Amerikahaus M\u00fcnchen, Chorkonzert I der Eurogames 2004, Hymne &#8222;Let&#8217;s go for the rainbow&#8220;&nbsp;<br><br>10.7.2004,&nbsp;abends, Singend Hauchen; auch Pfeifend f\u00fcr Fl\u00f6te Solo mit David Eschmann, Privatkonzert,&nbsp;mehr unter alex@strauchcomposer.de&nbsp;<br><br>2., 3., 4.Juni, 20:30 Uhr H\u00f6rt Ihr Krabben f\u00fcr Zither und Sopran nach G.B\u00fcchner, Auff\u00fchrung im Rahmen der Produktion Woyzeck-United, i-camp, Neues Theater M\u00fcnchen, Entenbachstr. 37&nbsp;<br><br>28.5.2004, 20 Uhr Hinter der Schw\u00e4rze f\u00fcr Akkordeon Solo, mit Martin Schlumberger (Akkordeon), Jesuskirche, Haar bei M\u00fcnchen&nbsp;<br><br>16.5.2004, 19:30 Uhr Hinter der Schw\u00e4rze f\u00fcr Akkordeon Solo, mit Martin Schlumberger (Akkordeon), Rittersaal der Burg Schwaneck, Pullach b. M\u00fcnchen&nbsp;<br><br>23.4.2004, 20 Uhr Hinter der Schw\u00e4rze f\u00fcr Akkordeon solo (UA), mit Martin Schlumberger (Akkordeon), Konzertsaal der St\u00e4dtischen Sing- und Musikschule M\u00fcnchen, Bogenhausen&nbsp;<br><br><strong>2003<\/strong><\/p>\n\n\n\n<p>15.12.2003, 20:30, Singend Hauchend, auch Pfeifend f\u00fcr Fl\u00f6te solo (UA), mit David Eschmann ( Fl\u00f6te), i-camp, M\u00fcnchen&nbsp;<br><br>24.6.2003:&#8220;Agr\u00e9ments&#8220; f\u00fcr Klarinette und Violoncello in Seoul, S\u00fcdkorea&nbsp;<br><br>1.6.2003, 20:30: \u00dcBER\/BILD\/GRYPHIAE&nbsp;f\u00fcr&nbsp;Tenor(Hannes Kl\u00fcgling)&nbsp;und&nbsp;Tenorgambe(Leopold Hurt), R\u00dcCK-KOPPLUNG, I-CAMP M\u00dcNCHEN, Entenbachstr. 37<br><br>3. bis 6. April 2003, jeweils 19-1Uhr: &#8222;metroUNIVERSAL&#8220;, Musik mit Aktion f\u00fcr Violoncello(Mathis Mayr) und Zither(Leopold Hurt), Performance im Kunstbunker Ecke Claude-Lorraine\/Sachsenstr.,gegen\u00fcber dem Schyrenbad,M\u00fcnchen&nbsp;<br><br>21.3.2003, 20 Uhr:&nbsp;DAMALS\/JETZT\/DEMN\u00c4CHST f\u00fcr Violine, Trompete, zwei Posaunen und Schlagzeug(AUFTRAG DER BAYERISCHEN STAATSOPER in der Reihe XX\/XXI &#8211; NEUE KAMMERMUSIK), Pinakothek der Moderne&nbsp;<br><br><strong>2002<\/strong><\/p>\n\n\n\n<p>26.10.2002, 23 Uhr:&nbsp;GESETZT&#8230;UNSEREINS f\u00fcr Altzither und Violoncello, Haidhausenhalle,Einstein-Kulturzentrum,Einsteinstr.\/Max-Weber-Pl.,M\u00fcnchen mit Leopold Hurt(Altz.),Mathis Mayr(Cello)<br><br>11.7.2002, ab20 Uhr:&nbsp;GESETZT&#8230;UNSEREINS f\u00fcr Altzither und Violoncello, DEUTUNG f\u00fcr Violoncello und Altzither und ANH\u00d6RUNG f\u00fcr Basszither solo, BlackBox,Gasteig,M\u00fcnchen mit Leopold Hurt(Bassz.) und Mathis Mayr(Cello)&nbsp;<br><br>13.6.2002, 19:30 Uhr: ANH\u00d6RUNG&nbsp;f\u00fcr Basszither solo, Bamberg, Konzerthalle an der Regnitz, Hegelsaal, mit Leopold Hurt(Bassz.)&nbsp;<br><br>2.6.2002, 11 Uhr: ANH\u00d6RUNG f\u00fcr Basszither solo,Erlangen,Schlossorangerie mit Leoplod Hurt(Bassz.)&nbsp;<br><br>4.5.2002, 19 Uhr: SINGEND HAUCHEN;auch PFEIFEND f\u00fcr Fl\u00f6te solo mit David Eschmann; Centro Evangelico, Ascona\/Tessin(CH)&nbsp;<br><br>12.3.2002, 20 Uhr: VERZICHT, ANH\u00d6RUNG und NEUES WERK(UA)&nbsp;mit MATHIS MAYR, Violoncello und LEOPOLD HURT, Ba\u00dfzither; Villa Concordia, Schillerpl. 16, Bamberg&nbsp;<br><br>10.3.2002, 10 Uhr: KLEINE CONCORDIA-FASTENMESSE (UA) f\u00fcr Horn, Orgel und gemischten Chor mit dem Chor NovAntica (Ltg.: Stefan Urlbauer); St.Georg, Winzer\/Donau, und Live\u00fcbertragung im Deutschlandfunk&nbsp;<br><br>1.2.2002, 19:30 Uhr:&nbsp;VERZICHT, ANH\u00d6RUNG und NEUES WERK(UA)&nbsp;mit MATHIS MAYR, Violoncello und LEOPOLD HURT, Ba\u00dfzither; Mohrvilla, M\u00fcnchen-Freimann&nbsp;<br><br>27.1.2002, 16 Uhr: GRO\u00dfE M\u00c4NNER WERFEN IHREN SCHATTEN HINTERHER, Theatermusik (UA)&nbsp;von Alexander Strauch f\u00fcr Zuspielung und Gesang zu 3 Szenen von Brigitte Struzyk mit ALEXANDER STRAUCH, Zuspielband und Gesang und N.N., Schauspielerin; Villa Dessauer, Bamberg&nbsp;<br><br>26.1.2002, 20 Uhr:THE DIARY OF SAMUEL PEPYS IN 1666 mit &#8222;EXvoco&#8220;; Erl\u00f6serkirche, Bamberg&nbsp;<\/p>\n","protected":false},"excerpt":{"rendered":"<p>2022 18.1.22, 2. Streichquartett Linie und Block, B2, Concerto Bavarese 7.2.22 Dresden, Frauenkirche f\u00fcr Klavier mit\u00a0Andreas Skouras\u00a0im Rubinstein-Saal M\u00fcnchen, Studio f\u00fcr Neue Musik, Tonk\u00fcnstler M\u00fcnchen, 20 Uhr\u00a0 11.3.22, Kampf von Asmund und Hildebrand, ensemble risonanze erranti, Ensemble Schwerpunkt, Martin Mallaun (Ba\u00dfzither), Roman Payer (Ten.), Timothy Sharp (Bar.), Peter Tilling (Dir.), B2, Concerto Bavarese 15.3.22, 2. [&hellip;]<\/p>\n","protected":false},"author":1,"featured_media":0,"parent":0,"menu_order":0,"comment_status":"closed","ping_status":"closed","template":"","meta":{"footnotes":""},"class_list":["post-42","page","type-page","status-publish","hentry"],"jetpack_sharing_enabled":true,"_links":{"self":[{"href":"https:\/\/strauchcomposer.de\/index.php\/wp-json\/wp\/v2\/pages\/42","targetHints":{"allow":["GET"]}}],"collection":[{"href":"https:\/\/strauchcomposer.de\/index.php\/wp-json\/wp\/v2\/pages"}],"about":[{"href":"https:\/\/strauchcomposer.de\/index.php\/wp-json\/wp\/v2\/types\/page"}],"author":[{"embeddable":true,"href":"https:\/\/strauchcomposer.de\/index.php\/wp-json\/wp\/v2\/users\/1"}],"replies":[{"embeddable":true,"href":"https:\/\/strauchcomposer.de\/index.php\/wp-json\/wp\/v2\/comments?post=42"}],"version-history":[{"count":2,"href":"https:\/\/strauchcomposer.de\/index.php\/wp-json\/wp\/v2\/pages\/42\/revisions"}],"predecessor-version":[{"id":200,"href":"https:\/\/strauchcomposer.de\/index.php\/wp-json\/wp\/v2\/pages\/42\/revisions\/200"}],"wp:attachment":[{"href":"https:\/\/strauchcomposer.de\/index.php\/wp-json\/wp\/v2\/media?parent=42"}],"curies":[{"name":"wp","href":"https:\/\/api.w.org\/{rel}","templated":true}]}}